{"id":140,"date":"2023-04-03T18:22:35","date_gmt":"2023-04-03T16:22:35","guid":{"rendered":"https:\/\/consnizza.esteri.it\/home\/"},"modified":"2023-07-12T09:57:54","modified_gmt":"2023-07-12T07:57:54","slug":"home","status":"publish","type":"page","link":"https:\/\/consnizza.esteri.it\/fr\/","title":{"rendered":"Home"},"content":{"rendered":"        <section class=\"it-hero-wrapper it-dark it-overlay it-text-centered\">\n            <!-- - img-->\n            <div class=\"img-responsive-wrapper\">\n                <div class=\"img-responsive\">\n                    <div class=\"img-wrapper\">\n                        <img decoding=\"async\" loading=\"lazy\" width=\"1139\" height=\"612\" src=\"https:\/\/consnizza.esteri.it\/wp-content\/uploads\/2023\/08\/nice_prova_fotone.jpg\" srcset=\"https:\/\/consnizza.esteri.it\/wp-content\/uploads\/2023\/08\/nice_prova_fotone.jpg 1139w, https:\/\/consnizza.esteri.it\/wp-content\/uploads\/2023\/08\/nice_prova_fotone-300x161.jpg 300w, https:\/\/consnizza.esteri.it\/wp-content\/uploads\/2023\/08\/nice_prova_fotone-1024x550.jpg 1024w, https:\/\/consnizza.esteri.it\/wp-content\/uploads\/2023\/08\/nice_prova_fotone-768x413.jpg 768w\" sizes=\"auto, (max-width: 1139px) 100vw, 1139px\" alt=\"Benvenuti al Consolato Generale d&#039;Italia a Nizza\">\n                    <\/div>\n                <\/div>\n            <\/div>\n            <!-- - texts-->\n            <div class=\"container\">\n                <div class=\"row\">\n                    <div class=\"col-12\">\n                        <div class=\"it-hero-text-wrapper bg-dark\">\n                            <h2 class=\"h1\"><a class=\"text-white text-decoration-none\" href=\"#\" title=\"Aller \u00e0 la page #\"> Benvenuti al Consolato Generale d&#039;Italia a Nizza<\/a><\/h2>\n                        <\/div>\n                    <\/div>\n                <\/div>\n            <\/div>\n    <\/section>\n        \n\n        <section class=\"container-fluid primary-bg\">\n        <div class=\"box-container-maxwidth argomenti\">\n            <div class=\"row p-md-5 p-2 text-center\">\n                <div class=\"col-md-3\">\n                    <h3 class=\"text-white\">Sujets en \u00e9vidence<\/h3>\n                <\/div>\n                <div class=\"col-md-9\">\n                                        <div class=\"chip chip-info chip-lg\">\n                        <a href=\"https:\/\/consnizza.esteri.it\/it\/servizi-consolari-e-visti\/servizi-per-il-cittadino-italiano\/\" title=\"Aller \u00e0 la page Servizi Consolari\" class=\"chip-label\">Servizi Consolari<\/a>\n                    <\/div>\n                                        <div class=\"chip chip-info chip-lg\">\n                        <a href=\"https:\/\/consnizza.esteri.it\/it\/servizi-consolari-e-visti\/servizi-per-il-cittadino-straniero\/cittadinanza-2\/\" title=\"Aller \u00e0 la page Cittadinanza\" class=\"chip-label\">Cittadinanza<\/a>\n                    <\/div>\n                                        <div class=\"chip chip-info chip-lg\">\n                        <a href=\"https:\/\/consnizza.esteri.it\/it\/chi-siamo\/gli-uffici\/\" title=\"Aller \u00e0 la page Gli Uffici\" class=\"chip-label\">Gli Uffici<\/a>\n                    <\/div>\n                                        <div class=\"chip chip-info chip-lg\">\n                        <a href=\"https:\/\/prenotami.esteri.it\/\" title=\"Aller \u00e0 la page Prenot@mi\" class=\"chip-label\">Prenot@mi<\/a>\n                    <\/div>\n                                        <div class=\"chip chip-info chip-lg\">\n                        <a href=\"https:\/\/consnizza.esteri.it\/servizi-consolari-e-visti\/servizi-per-il-cittadino-italiano\/altri-servizi\/albo-consolare\/\" title=\"Aller \u00e0 la page Albo Consolare\" class=\"chip-label\">Albo Consolare<\/a>\n                    <\/div>\n                                    <\/div>\n            <\/div>\n        <\/div>\n    <\/section>\n        \n    <section class=\"container-fluid c-line lightgrey-bg-a4 pt-5 pb-5\">\n        <div class=\"container\">\n        <div class=\"row pb-5\">\n            <div class=\"col-md-12 text-center\">\n                <h3>Nouvelles et communiqu\u00e9s de presse<\/h3>\n            <\/div>\n        <\/div>\n        <div class=\"row\">\n                        <div class=\"col-12 col-lg-8\">                <div>\n                <!--start card-->\n                <div class=\"card-wrapper \">\n                    <div class=\"card card-img c-line lightgrey-bg-a4\">\n                        <div class=\"img-responsive-wrapper\">\n                            <div class=\"img-responsive\">\n                                <figure class=\"img-wrapper\">\n                                    <a href=\"https:\/\/consnizza.esteri.it\/fr\/news\/dal_consolato\/2023\/09\/message-du-nouveau-consul-general-emilio-lolli\/\" title=\"Lire l'article: Message du nouveau Consul G\u00e9n\u00e9ral Emilio Lolli\">\n                                                                            <img decoding=\"async\" loading=\"lazy\" class=\"img-fluid\" width=\"640\" height=\"853\" src=\"https:\/\/consnizza.esteri.it\/wp-content\/uploads\/2023\/09\/CG-Lolli-Emilio.jpg\" srcset=\"https:\/\/consnizza.esteri.it\/wp-content\/uploads\/2023\/09\/CG-Lolli-Emilio.jpg 1920w, https:\/\/consnizza.esteri.it\/wp-content\/uploads\/2023\/09\/CG-Lolli-Emilio-225x300.jpg 225w, https:\/\/consnizza.esteri.it\/wp-content\/uploads\/2023\/09\/CG-Lolli-Emilio-768x1024.jpg 768w\" sizes=\"auto, (max-width: 1920px) 100vw, 1920px\" title=\"CG Lolli Emilio\" alt=\"\">\n                                     \n                                    <\/a>\n                                <\/figure>\n                            <\/div>\n                        <\/div>\n                        <div class=\"card-body\">\n                            <div class=\"category-top \">\n                                <svg class=\"icon icon-sm\">\n                                    <use xlink:href=\"https:\/\/consnizza.esteri.it\/wp-content\/themes\/sedi-tema\/assets\/svg\/sprites.svg#it-calendar\"><\/use>\n                                <\/svg>\n                            <!-- <a class=\"category\" title=\"Vai alla pagina: Approfondimenti\" href=\"https:\/\/www.esteri.it\/it\/sala_stampa\/archivionotizie\/approfondimenti\/\">Approfondimenti<\/a> -->\n                                <span class=\"ms-2\">11 Sep 2023<\/span>\n                            <\/div>\n                        <p class=\"h4 mb-2\"><a class=\"text-decoration-none text-body\" href=\"https:\/\/consnizza.esteri.it\/fr\/news\/dal_consolato\/2023\/09\/message-du-nouveau-consul-general-emilio-lolli\/\" title=\"Lire l'article: Message du nouveau Consul G\u00e9n\u00e9ral Emilio Lolli\">Message du nouveau Consul G\u00e9n\u00e9ral Emilio Lolli<\/a><\/p>\n                        <p class=\"card-text\">Ch\u00e8res compatriotes et chers compatriotes, Ch\u00e8res amies fran\u00e7aises et chers amis fran\u00e7ais, Bienvenue sur le site du Consulat G\u00e9n\u00e9ral d\u2019Italie...<\/p>\n                        <a class=\"read-more\" href=\"https:\/\/consnizza.esteri.it\/fr\/news\/dal_consolato\/2023\/09\/message-du-nouveau-consul-general-emilio-lolli\/\" title=\"Lire l'article: Message du nouveau Consul G\u00e9n\u00e9ral Emilio Lolli\">\n                            <span class=\"text\">Lire la suite<\/span>\n                            <svg class=\"icon\">\n                            <use href=\"https:\/\/consnizza.esteri.it\/wp-content\/themes\/sedi-tema\/assets\/svg\/sprites.svg#it-arrow-right\"><\/use>\n                            <\/svg><\/a>\n                        <\/div>\n                    <\/div>\n                <\/div>\n                <!--end card-->\n                <\/div>\n            <\/div>                        <div class=\"col-12 col-lg-4\">                <div>\n                <!--start card-->\n                <div class=\"card-wrapper card-space\">\n                    <div class=\"card card-img card-bg no-after\">\n                        <div class=\"img-responsive-wrapper\">\n                            <div class=\"img-responsive\">\n                                <figure class=\"img-wrapper\">\n                                    <a href=\"https:\/\/consnizza.esteri.it\/fr\/news\/dal_consolato\/2023\/09\/gara-in-n-2-lotti-per-l-acquisizione-2\/\" title=\"Lire l'article: Appel d\u2019offres, divis\u00e9 en no. 2 lots, pour l\u2019acquisition du service de num\u00e9risation \u00ab\u2009in situ\u2009\u00bb des dossiers consulaires papier conserv\u00e9s dans les archives des Consulats G\u00e9n\u00e9raux d&#039;Italie \u00e0 Nice et Marseille\">\n                                                                        <picture>\n                                        <source type=\"image\/webp\" srcset=\"https:\/\/consnizza.esteri.it\/wp-content\/themes\/sedi-tema\/assets\/img\/img-default.webp\">\n                                        <source type=\"image\/jpg\" srcset=\"https:\/\/consnizza.esteri.it\/wp-content\/themes\/sedi-tema\/assets\/img\/img-default.jpg\">\n                                        <img decoding=\"async\" loading=\"lazy\" class=\"img-fluid\" width=\"416\" height=\"254\" src=\"https:\/\/consnizza.esteri.it\/wp-content\/themes\/sedi-tema\/assets\/img\/img-default.jpg\" alt=\"Appel d\u2019offres, divis\u00e9 en no. 2 lots, pour l\u2019acquisition du service de num\u00e9risation \u00ab\u2009in situ\u2009\u00bb des dossiers consulaires papier conserv\u00e9s dans les archives des Consulats G\u00e9n\u00e9raux d&#039;Italie \u00e0 Nice et Marseille\" title=\"Appel d\u2019offres, divis\u00e9 en no. 2 lots, pour l\u2019acquisition du service de num\u00e9risation \u00ab\u2009in situ\u2009\u00bb des dossiers consulaires papier conserv\u00e9s dans les archives des Consulats G\u00e9n\u00e9raux d&#039;Italie \u00e0 Nice et Marseille\">\n                                    <\/picture>\n                                     \n                                    <\/a>\n                                <\/figure>\n                            <\/div>\n                        <\/div>\n                        <div class=\"card-body\">\n                            <div class=\"category-top cat-lat\">\n                                <svg class=\"icon icon-sm\">\n                                    <use xlink:href=\"https:\/\/consnizza.esteri.it\/wp-content\/themes\/sedi-tema\/assets\/svg\/sprites.svg#it-calendar\"><\/use>\n                                <\/svg>\n                            <!-- <a class=\"category\" title=\"Vai alla pagina: Approfondimenti\" href=\"https:\/\/www.esteri.it\/it\/sala_stampa\/archivionotizie\/approfondimenti\/\">Approfondimenti<\/a> -->\n                                <span class=\"ms-2\">04 Sep 2023<\/span>\n                            <\/div>\n                        <p class=\"h6 card-title mb-5\"><a class=\"text-decoration-none text-body\" href=\"https:\/\/consnizza.esteri.it\/fr\/news\/dal_consolato\/2023\/09\/gara-in-n-2-lotti-per-l-acquisizione-2\/\" title=\"Lire l'article: Appel d\u2019offres, divis\u00e9 en no. 2 lots, pour l\u2019acquisition du service de num\u00e9risation \u00ab\u2009in situ\u2009\u00bb des dossiers consulaires papier conserv\u00e9s dans les archives des Consulats G\u00e9n\u00e9raux d&#039;Italie \u00e0 Nice et Marseille\">Appel d\u2019offres, divis\u00e9 en no. 2 lots, pour...<\/a><\/p>\n                        <p class=\"card-text\"><\/p>\n                        <a class=\"read-more\" href=\"https:\/\/consnizza.esteri.it\/fr\/news\/dal_consolato\/2023\/09\/gara-in-n-2-lotti-per-l-acquisizione-2\/\" title=\"Lire l'article: Appel d\u2019offres, divis\u00e9 en no. 2 lots, pour l\u2019acquisition du service de num\u00e9risation \u00ab\u2009in situ\u2009\u00bb des dossiers consulaires papier conserv\u00e9s dans les archives des Consulats G\u00e9n\u00e9raux d&#039;Italie \u00e0 Nice et Marseille\">\n                            <span class=\"text\">Lire la suite<\/span>\n                            <svg class=\"icon\">\n                            <use href=\"https:\/\/consnizza.esteri.it\/wp-content\/themes\/sedi-tema\/assets\/svg\/sprites.svg#it-arrow-right\"><\/use>\n                            <\/svg><\/a>\n                        <\/div>\n                    <\/div>\n                <\/div>\n                <!--end card-->\n                <\/div>\n                                                    <div>\n                <!--start card-->\n                <div class=\"card-wrapper card-space\">\n                    <div class=\"card card-img card-bg no-after\">\n                        <div class=\"img-responsive-wrapper\">\n                            <div class=\"img-responsive\">\n                                <figure class=\"img-wrapper\">\n                                    <a href=\"https:\/\/consnizza.esteri.it\/fr\/news\/dal_consolato\/2021\/02\/dante-e-la-diane-francaise-2\/\" title=\"Lire l'article: &quot;Dante et La Diane Fran\u00e7aise&quot;\">\n                                                                        <picture>\n                                        <source type=\"image\/webp\" srcset=\"https:\/\/consnizza.esteri.it\/wp-content\/themes\/sedi-tema\/assets\/img\/img-default.webp\">\n                                        <source type=\"image\/jpg\" srcset=\"https:\/\/consnizza.esteri.it\/wp-content\/themes\/sedi-tema\/assets\/img\/img-default.jpg\">\n                                        <img decoding=\"async\" loading=\"lazy\" class=\"img-fluid\" width=\"416\" height=\"254\" src=\"https:\/\/consnizza.esteri.it\/wp-content\/themes\/sedi-tema\/assets\/img\/img-default.jpg\" alt=\"&quot;Dante et La Diane Fran\u00e7aise&quot;\" title=\"&quot;Dante et La Diane Fran\u00e7aise&quot;\">\n                                    <\/picture>\n                                     \n                                    <\/a>\n                                <\/figure>\n                            <\/div>\n                        <\/div>\n                        <div class=\"card-body\">\n                            <div class=\"category-top cat-lat\">\n                                <svg class=\"icon icon-sm\">\n                                    <use xlink:href=\"https:\/\/consnizza.esteri.it\/wp-content\/themes\/sedi-tema\/assets\/svg\/sprites.svg#it-calendar\"><\/use>\n                                <\/svg>\n                            <!-- <a class=\"category\" title=\"Vai alla pagina: Approfondimenti\" href=\"https:\/\/www.esteri.it\/it\/sala_stampa\/archivionotizie\/approfondimenti\/\">Approfondimenti<\/a> -->\n                                <span class=\"ms-2\">19 F\u00e9v 2021<\/span>\n                            <\/div>\n                        <p class=\"h6 card-title mb-5\"><a class=\"text-decoration-none text-body\" href=\"https:\/\/consnizza.esteri.it\/fr\/news\/dal_consolato\/2021\/02\/dante-e-la-diane-francaise-2\/\" title=\"Lire l'article: &quot;Dante et La Diane Fran\u00e7aise&quot;\">\"Dante et La Diane Fran\u00e7aise\"<\/a><\/p>\n                        <p class=\"card-text\"><\/p>\n                        <a class=\"read-more\" href=\"https:\/\/consnizza.esteri.it\/fr\/news\/dal_consolato\/2021\/02\/dante-e-la-diane-francaise-2\/\" title=\"Lire l'article: &quot;Dante et La Diane Fran\u00e7aise&quot;\">\n                            <span class=\"text\">Lire la suite<\/span>\n                            <svg class=\"icon\">\n                            <use href=\"https:\/\/consnizza.esteri.it\/wp-content\/themes\/sedi-tema\/assets\/svg\/sprites.svg#it-arrow-right\"><\/use>\n                            <\/svg><\/a>\n                        <\/div>\n                    <\/div>\n                <\/div>\n                <!--end card-->\n                <\/div>\n            <\/div>                    <\/div>\n        <\/div>\n    <\/section>\n        \n        <section id=\"rete-diplomatica\" class=\"container-fluid pb-5 pt-5\">\n            <div class=\"box-container-maxwidth\">\n           <div class=\"row text-white\">\n            <div class=\"col-xl-7 bg-primary\">\n                <div class=\"image-rete-diplomatica\">\n                    <picture>\n                        <source type=\"image\/webp\" srcset=\"https:\/\/consnizza.esteri.it\/wp-content\/themes\/sedi-tema\/assets\/img\/mappa-rete.webp\" >\n                        <source type=\"image\/jpg\" srcset=\"https:\/\/consnizza.esteri.it\/wp-content\/themes\/sedi-tema\/assets\/img\/mappa-rete.jpg\" >\n                        <img decoding=\"async\" width=\"1200\" height=\"731\" loading=\"lazy\" class=\"img-fluid\" src=\"https:\/\/consnizza.esteri.it\/wp-content\/themes\/sedi-tema\/assets\/img\/mappa-rete.jpg\" alt=\"Une carte\" >\n                    <\/picture>\n                <\/div>\n            <\/div>\n                <div class=\"col-xl-5 bg-primary p-5 it-list-wrapper\">\n                    <h3 class=\"pb-5\">Le r\u00e9seau diplomatique-consulaire<\/h3>\n                    <ul class=\"it-list mappa-ul\">\n                                                <li class=\"pb-2\">\n                        <div class=\"list-item\">\n                            <div>\n                            <picture>\n                                <source type=\"image\/webp\" srcset=\"https:\/\/consnizza.esteri.it\/wp-content\/themes\/sedi-tema\/assets\/img\/pin\/2x\/icona-arancio-2x.webp 2x, https:\/\/consnizza.esteri.it\/wp-content\/themes\/sedi-tema\/assets\/img\/pin\/1x\/icona-arancio.webp 1x\" >\n                                <source type=\"image\/png\" srcset=\"https:\/\/consnizza.esteri.it\/wp-content\/themes\/sedi-tema\/assets\/img\/pin\/icona-arancio.png\" >\n                                <img decoding=\"async\" class=\"align-self-center me-3 rounded-circle pin-mappa\" loading=\"lazy\" width=\"50\" height=\"50\" src=\"https:\/\/consnizza.esteri.it\/wp-content\/themes\/sedi-tema\/assets\/img\/pin\/icona-arancio.png\" alt=\"\u00c9pingle du si\u00e8ge Consolato Generale d&#039;Italia a Parigi\" >\n                            <\/picture>   \n                            <\/div>\n                                <div class=\"it-right-zone\">\n                                    <a class=\"text-white text text-decoration-none\" title=\"Aller au lieu Consolato Generale d&#039;Italia a Parigi\" href=\"https:\/\/consparigi.esteri.it\/it\/\">\n                                        <h4 class=\"h5 mt-0 mb-1\">Consolato Generale d&#039;Italia a Parigi<\/h4>\n                                        5, bd \u00c9mile Augier - 75016 Paris                                    <\/a>\n                                <\/div>\n                        <\/div>\n                        <\/li>\n                                                <li class=\"pb-2\">\n                        <div class=\"list-item\">\n                            <div>\n                            <picture>\n                                <source type=\"image\/webp\" srcset=\"https:\/\/consnizza.esteri.it\/wp-content\/themes\/sedi-tema\/assets\/img\/pin\/2x\/icona-rosa-2x.webp 2x, https:\/\/consnizza.esteri.it\/wp-content\/themes\/sedi-tema\/assets\/img\/pin\/1x\/icona-rosa.webp 1x\" >\n                                <source type=\"image\/png\" srcset=\"https:\/\/consnizza.esteri.it\/wp-content\/themes\/sedi-tema\/assets\/img\/pin\/icona-rosa.png\" >\n                                <img decoding=\"async\" class=\"align-self-center me-3 rounded-circle pin-mappa\" loading=\"lazy\" width=\"50\" height=\"50\" src=\"https:\/\/consnizza.esteri.it\/wp-content\/themes\/sedi-tema\/assets\/img\/pin\/icona-rosa.png\" alt=\"\u00c9pingle du si\u00e8ge Consolato Generale d&#039;Italia a Lione\" >\n                            <\/picture>   \n                            <\/div>\n                                <div class=\"it-right-zone\">\n                                    <a class=\"text-white text text-decoration-none\" title=\"Aller au lieu Consolato Generale d&#039;Italia a Lione\" href=\"https:\/\/conslione.esteri.it\/it\/\">\n                                        <h4 class=\"h5 mt-0 mb-1\">Consolato Generale d&#039;Italia a Lione<\/h4>\n                                        5, Rue Commandant Faurax - 69452 Lyon                                    <\/a>\n                                <\/div>\n                        <\/div>\n                        <\/li>\n                                                <li class=\"pb-2\">\n                        <div class=\"list-item\">\n                            <div>\n                            <picture>\n                                <source type=\"image\/webp\" srcset=\"https:\/\/consnizza.esteri.it\/wp-content\/themes\/sedi-tema\/assets\/img\/pin\/2x\/icona-verde-2x.webp 2x, https:\/\/consnizza.esteri.it\/wp-content\/themes\/sedi-tema\/assets\/img\/pin\/1x\/icona-verde.webp 1x\" >\n                                <source type=\"image\/png\" srcset=\"https:\/\/consnizza.esteri.it\/wp-content\/themes\/sedi-tema\/assets\/img\/pin\/icona-verde.png\" >\n                                <img decoding=\"async\" class=\"align-self-center me-3 rounded-circle pin-mappa\" loading=\"lazy\" width=\"50\" height=\"50\" src=\"https:\/\/consnizza.esteri.it\/wp-content\/themes\/sedi-tema\/assets\/img\/pin\/icona-verde.png\" alt=\"\u00c9pingle du si\u00e8ge Consolato Generale d&#039;Italia a Marsiglia\" >\n                            <\/picture>   \n                            <\/div>\n                                <div class=\"it-right-zone\">\n                                    <a class=\"text-white text text-decoration-none\" title=\"Aller au lieu Consolato Generale d&#039;Italia a Marsiglia\" href=\"https:\/\/consmarsiglia.esteri.it\/it\/\">\n                                        <h4 class=\"h5 mt-0 mb-1\">Consolato Generale d&#039;Italia a Marsiglia<\/h4>\n                                        56, Rue d&#039;Alger - 13392 Marseille                                    <\/a>\n                                <\/div>\n                        <\/div>\n                        <\/li>\n                                                <li class=\"pb-2\">\n                        <div class=\"list-item\">\n                            <div>\n                            <picture>\n                                <source type=\"image\/webp\" srcset=\"https:\/\/consnizza.esteri.it\/wp-content\/themes\/sedi-tema\/assets\/img\/pin\/2x\/icona-blu-2x.webp 2x, https:\/\/consnizza.esteri.it\/wp-content\/themes\/sedi-tema\/assets\/img\/pin\/1x\/icona-blu.webp 1x\" >\n                                <source type=\"image\/png\" srcset=\"https:\/\/consnizza.esteri.it\/wp-content\/themes\/sedi-tema\/assets\/img\/pin\/icona-blu.png\" >\n                                <img decoding=\"async\" class=\"align-self-center me-3 rounded-circle pin-mappa\" loading=\"lazy\" width=\"50\" height=\"50\" src=\"https:\/\/consnizza.esteri.it\/wp-content\/themes\/sedi-tema\/assets\/img\/pin\/icona-blu.png\" alt=\"\u00c9pingle du si\u00e8ge Consolato Generale d&#039;Italia a Metz\" >\n                            <\/picture>   \n                            <\/div>\n                                <div class=\"it-right-zone\">\n                                    <a class=\"text-white text text-decoration-none\" title=\"Aller au lieu Consolato Generale d&#039;Italia a Metz\" href=\"https:\/\/consmetz.esteri.it\/consolato_metz\/it\/\">\n                                        <h4 class=\"h5 mt-0 mb-1\">Consolato Generale d&#039;Italia a Metz<\/h4>\n                                        7, bd Georges Cl\u00e9menceau - 57000 Metz                                    <\/a>\n                                <\/div>\n                        <\/div>\n                        <\/li>\n                                                <li class=\"media\">\n                            <a class=\"text-uppercase text-white fw-bold text-decoration-none\" href=\"https:\/\/consnizza.esteri.it\/fr\/chi-siamo\/la-rete-consolare\/\">Liste compl\u00e8te<\/a>\n                        <\/li>\n                    <\/ul>\n                <\/div>\n        <\/div>\n        <\/div>\n        <\/section>\n        \n        <!-- Sezione siti tematici -->\n        <section class=\"container pt-5 pb-5\">\n          <div class=\"row pt-5\">\n              <div class=\"col-12 text-center\">\n                <h3>Portails Farnesina<\/h3>\n            <\/div>\n          <\/div>\n          <div class=\"py-4\">\n            <div class=\"card-wrapper card-teaser-wrapper card-teaser-wrapper-equal card-teaser-block-3\">\n                            <div class=\"card card-teaser card-bg-info rounded\">\n                    <div class=\"avatar siti-tematici-img size-lg me-3 rounded-0 bg-transparent\">\n                    <picture>\n                        <source type=\"image\/webp\" srcset=\"https:\/\/consnizza.esteri.it\/wp-content\/themes\/sedi-tema\/assets\/img\/icone-portali\/2x\/pc-2x.webp 2x,https:\/\/consnizza.esteri.it\/wp-content\/themes\/sedi-tema\/assets\/img\/icone-portali\/1x\/pc.webp 1x\" >\n                        <source type=\"image\/png\" srcset=\"https:\/\/consnizza.esteri.it\/wp-content\/themes\/sedi-tema\/assets\/img\/icone-portali\/pc.png\" >\n                        <img decoding=\"async\" loading=\"lazy\" width=\"40\" height=\"40\" class=\"rounded-0\" src=\"https:\/\/consnizza.esteri.it\/wp-content\/themes\/sedi-tema\/assets\/img\/icone-portali\/pc.png\"  alt=\"Prenot@Mi\" >\n                    <\/picture> \n                    <\/div>\n                    <div class=\"card-body\">\n                    <a class=\"text-white siti-tematici text-decoration-none\" title=\"Aller au portail Prenot@Mi\" target=\"_blank\" href=\"https:\/\/prenotami.esteri.it\/\" rel=\"noopener\">\n                    <p class=\"card-title h4\">\n                        Prenot@Mi                    <\/p>\n                    <p class=\"card-text text-sans-serif\">\n                        Le service de r\u00e9servation en ligne pour les services consulaires                    <\/p>\n                    <\/a>\n                    <\/div>\n                <\/div>\n                            <div class=\"card card-teaser card-bg-violet rounded\">\n                    <div class=\"avatar siti-tematici-img size-lg me-3 rounded-0 bg-transparent\">\n                    <picture>\n                        <source type=\"image\/webp\" srcset=\"https:\/\/consnizza.esteri.it\/wp-content\/themes\/sedi-tema\/assets\/img\/icone-portali\/2x\/rocket-2x.webp 2x,https:\/\/consnizza.esteri.it\/wp-content\/themes\/sedi-tema\/assets\/img\/icone-portali\/1x\/rocket.webp 1x\" >\n                        <source type=\"image\/png\" srcset=\"https:\/\/consnizza.esteri.it\/wp-content\/themes\/sedi-tema\/assets\/img\/icone-portali\/rocket.png\" >\n                        <img decoding=\"async\" loading=\"lazy\" width=\"40\" height=\"40\" class=\"rounded-0\" src=\"https:\/\/consnizza.esteri.it\/wp-content\/themes\/sedi-tema\/assets\/img\/icone-portali\/rocket.png\"  alt=\"Fast IT\" >\n                    <\/picture> \n                    <\/div>\n                    <div class=\"card-body\">\n                    <a class=\"text-white siti-tematici text-decoration-none\" title=\"Aller au portail Fast IT\" target=\"_blank\" href=\"https:\/\/serviziconsolari.esteri.it\/\" rel=\"noopener\">\n                    <p class=\"card-title h4\">\n                        Fast IT                    <\/p>\n                    <p class=\"card-text text-sans-serif\">\n                        Le portail des services consulaires                    <\/p>\n                    <\/a>\n                    <\/div>\n                <\/div>\n                            <div class=\"card card-teaser card-bg-danger rounded\">\n                    <div class=\"avatar siti-tematici-img size-lg me-3 rounded-0 bg-transparent\">\n                    <picture>\n                        <source type=\"image\/webp\" srcset=\"https:\/\/consnizza.esteri.it\/wp-content\/themes\/sedi-tema\/assets\/img\/icone-portali\/2x\/around-the-world-2x.webp 2x,https:\/\/consnizza.esteri.it\/wp-content\/themes\/sedi-tema\/assets\/img\/icone-portali\/1x\/around-the-world.webp 1x\" >\n                        <source type=\"image\/png\" srcset=\"https:\/\/consnizza.esteri.it\/wp-content\/themes\/sedi-tema\/assets\/img\/icone-portali\/around-the-world.png\" >\n                        <img decoding=\"async\" loading=\"lazy\" width=\"40\" height=\"40\" class=\"rounded-0\" src=\"https:\/\/consnizza.esteri.it\/wp-content\/themes\/sedi-tema\/assets\/img\/icone-portali\/around-the-world.png\"  alt=\"Viaggiare Sicuri\" >\n                    <\/picture> \n                    <\/div>\n                    <div class=\"card-body\">\n                    <a class=\"text-white siti-tematici text-decoration-none\" title=\"Aller au portail Viaggiare Sicuri\" target=\"_blank\" href=\"https:\/\/www.viaggiaresicuri.it\/\" rel=\"noopener\">\n                    <p class=\"card-title h4\">\n                        Viaggiare Sicuri                    <\/p>\n                    <p class=\"card-text text-sans-serif\">\n                        Informations pour les citoyens italiens qui souhaitent voyager \u00e0 l&#039;\u00e9tranger                    <\/p>\n                    <\/a>\n                    <\/div>\n                <\/div>\n                            <div class=\"card card-teaser card-bg-dark rounded\">\n                    <div class=\"avatar siti-tematici-img size-lg me-3 rounded-0 bg-transparent\">\n                    <picture>\n                        <source type=\"image\/webp\" srcset=\"https:\/\/consnizza.esteri.it\/wp-content\/themes\/sedi-tema\/assets\/img\/icone-portali\/2x\/markets-2x.webp 2x,https:\/\/consnizza.esteri.it\/wp-content\/themes\/sedi-tema\/assets\/img\/icone-portali\/1x\/markets.webp 1x\" >\n                        <source type=\"image\/png\" srcset=\"https:\/\/consnizza.esteri.it\/wp-content\/themes\/sedi-tema\/assets\/img\/icone-portali\/markets.png\" >\n                        <img decoding=\"async\" loading=\"lazy\" width=\"40\" height=\"40\" class=\"rounded-0\" src=\"https:\/\/consnizza.esteri.it\/wp-content\/themes\/sedi-tema\/assets\/img\/icone-portali\/markets.png\"  alt=\"Informations sur les march\u00e9s \u00e9trangers\" >\n                    <\/picture> \n                    <\/div>\n                    <div class=\"card-body\">\n                    <a class=\"text-white siti-tematici text-decoration-none\" title=\"Aller au portail Informations sur les march\u00e9s \u00e9trangers\" target=\"_blank\" href=\"https:\/\/www.infomercatiesteri.it\/\" rel=\"noopener\">\n                    <p class=\"card-title h4\">\n                        Informations sur les march\u00e9s \u00e9trangers                    <\/p>\n                    <p class=\"card-text text-sans-serif\">\n                        Une plateforme tr\u00e8s innovante pour r\u00e9pondre \u00e0 la demande d&#039;information sur les march\u00e9s \u00e9trangers                    <\/p>\n                    <\/a>\n                    <\/div>\n                <\/div>\n                            <div class=\"card card-teaser card-bg-warning rounded\">\n                    <div class=\"avatar siti-tematici-img size-lg me-3 rounded-0 bg-transparent\">\n                    <picture>\n                        <source type=\"image\/webp\" srcset=\"https:\/\/consnizza.esteri.it\/wp-content\/themes\/sedi-tema\/assets\/img\/icone-portali\/2x\/business-2x.webp 2x,https:\/\/consnizza.esteri.it\/wp-content\/themes\/sedi-tema\/assets\/img\/icone-portali\/1x\/business.webp 1x\" >\n                        <source type=\"image\/png\" srcset=\"https:\/\/consnizza.esteri.it\/wp-content\/themes\/sedi-tema\/assets\/img\/icone-portali\/business.png\" >\n                        <img decoding=\"async\" loading=\"lazy\" width=\"40\" height=\"40\" class=\"rounded-0\" src=\"https:\/\/consnizza.esteri.it\/wp-content\/themes\/sedi-tema\/assets\/img\/icone-portali\/business.png\"  alt=\"ExTender\" >\n                    <\/picture> \n                    <\/div>\n                    <div class=\"card-body\">\n                    <a class=\"text-white siti-tematici text-decoration-none\" title=\"Aller au portail ExTender\" target=\"_blank\" href=\"https:\/\/extender.esteri.it\/sito\/\" rel=\"noopener\">\n                    <p class=\"card-title h4\">\n                        ExTender                    <\/p>\n                    <p class=\"card-text text-sans-serif\">\n                        Le syst\u00e8me d&#039;information sur les opportunit\u00e9s commerciales \u00e0 l&#039;\u00e9tranger                    <\/p>\n                    <\/a>\n                    <\/div>\n                <\/div>\n                            <div class=\"card card-teaser card-bg-violet rounded\">\n                    <div class=\"avatar siti-tematici-img size-lg me-3 rounded-0 bg-transparent\">\n                    <picture>\n                        <source type=\"image\/webp\" srcset=\"https:\/\/consnizza.esteri.it\/wp-content\/themes\/sedi-tema\/assets\/img\/icone-portali\/2x\/builder-2x.webp 2x,https:\/\/consnizza.esteri.it\/wp-content\/themes\/sedi-tema\/assets\/img\/icone-portali\/1x\/builder.webp 1x\" >\n                        <source type=\"image\/png\" srcset=\"https:\/\/consnizza.esteri.it\/wp-content\/themes\/sedi-tema\/assets\/img\/icone-portali\/builder.png\" >\n                        <img decoding=\"async\" loading=\"lazy\" width=\"40\" height=\"40\" class=\"rounded-0\" src=\"https:\/\/consnizza.esteri.it\/wp-content\/themes\/sedi-tema\/assets\/img\/icone-portali\/builder.png\"  alt=\"La Collection Farnesina\" >\n                    <\/picture> \n                    <\/div>\n                    <div class=\"card-body\">\n                    <a class=\"text-white siti-tematici text-decoration-none\" title=\"Aller au portail La Collection Farnesina\" target=\"_blank\" href=\"https:\/\/collezionefarnesina.esteri.it\/\" rel=\"noopener\">\n                    <p class=\"card-title h4\">\n                        La Collection Farnesina                    <\/p>\n                    <p class=\"card-text text-sans-serif\">\n                        La Collection Farnesina est une collection d&#039;oeuvres d&#039;art italiennes du XXe si\u00e8cle                    <\/p>\n                    <\/a>\n                    <\/div>\n                <\/div>\n                        <\/div>\n          <\/div>\n          <div class=\"row mb-4\">\n            <div class=\"col-md-12 text-center\">\n              <a class=\"btn btn-outline-primary\" target=\"_blank\" rel=\"noopener\" title=\"Explorer tous les portails\" href=\"https:\/\/www.esteri.it\/it\/ministero\/portali-del-ministero-degli-affari-esteri\/\">Explorer tous les portails<\/a>\n           <\/div>\n          <\/div>\n        <\/section>\n        \n        <section class=\"container-fluid pt-5 pb-5\">\n            <div class=\"container\">\n                <div class=\"row\">\n                    <div class=\"col-12 text-center mb-5\">\n                        <h3>Suivez-nous sur notre #Social<\/h3>\n                    <\/div>\n                <\/div>\n                <div class=\"row text-center\">\n                                        <div class=\"col \">\n                        <a target=\"_blank\" href=\"https:\/\/www.facebook.com\/socialcnice\/\" title=\"Aller \u00e0 la cha\u00eene facebook\" rel=\"noopener\">\n                            <picture>\n                                <source type=\"image\/webp\" srcset=\"https:\/\/consnizza.esteri.it\/wp-content\/themes\/sedi-tema\/assets\/img\/social-ico\/2x\/facebook-ico-2x.webp 2x,https:\/\/consnizza.esteri.it\/wp-content\/themes\/sedi-tema\/assets\/img\/social-ico\/1x\/facebook-ico.webp 1x\" >\n                                <source type=\"image\/png\" srcset=\"https:\/\/consnizza.esteri.it\/wp-content\/themes\/sedi-tema\/assets\/img\/social-ico\/facebook-ico.png\" >\n                                <img decoding=\"async\" loading=\"lazy\" width=\"100\" height=\"100\" src=\"https:\/\/consnizza.esteri.it\/wp-content\/themes\/sedi-tema\/assets\/img\/social-ico\/facebook-ico.png\" class=\"figure-img ico-social\" alt=\"Social facebook\" >\n                            <\/picture> \n                        <\/a>\n                    <\/div>\n                                    <\/div>\n                <div class=\"row mb-4 mt-4\">\n                    <div class=\"col-md-12 text-center\">\n                        <a class=\"btn btn-outline-primary\" target=\"_blank\" rel=\"noopener\" title=\"Explorez les r\u00e9seaux sociaux du r\u00e9seau Farnesina\" href=\"https:\/\/www.esteri.it\/it\/sala_stampa\/socialfarnesina\/\">Explorez les r\u00e9seaux sociaux du r\u00e9seau Farnesina<\/a>\n                    <\/div>\n                <\/div>\n            <\/div>\n        <\/section>\n       \n        <!-- Blocco Banner -->\n        <section class=\"container-fluid c-line lightgrey-bg-a4 pb-5 pt-5 banners-hp\">\n          <h2 class=\"visually-hidden\">Bloc de banni\u00e8re<\/h2>\n                      <div class=\"container\">\n                <div class=\"row\">\n                    <div class=\"col-12\">\n                        <div class=\"it-carousel-wrapper it-carousel-landscape-abstract-three-cols splide\" data-bs-carousel-splide>\n                            <div class=\"splide__track\">\n                                <ul class=\"splide__list\">\n                                                                    <li class=\"splide__slide\">\n                                        <div class=\"it-single-slide-wrapper\">\n                                            <div class=\"card-wrapper\">\n                                                <div class=\"card card-img no-after\">\n                                                    <div class=\"img-responsive-wrapper\">\n                                                        <div class=\"img-responsive\">\n                                                            <div class=\"img-wrapper\">\n                                                                <a href=\"https:\/\/consnizza.esteri.it\/it\/servizi-consolari-e-visti\/servizi-per-il-cittadino-italiano\/servizi-elettorali\/referendum-costituzionale-confermativo-2026\/\" title=\"Aller \u00e0 la page https:\/\/consnizza.esteri.it\/it\/servizi-consolari-e-visti\/servizi-per-il-cittadino-italiano\/servizi-elettorali\/referendum-costituzionale-confermativo-2026\/\" target=\"_blank\">\n                                                                    <img decoding=\"async\" loading=\"lazy\" width=\"640\" height=\"360\" src=\"https:\/\/consnizza.esteri.it\/wp-content\/uploads\/2026\/02\/REFERENDUM-CONFERMATIVO-2026_campagna-informativa_1-768x432.jpg\" srcset=\"https:\/\/consnizza.esteri.it\/wp-content\/uploads\/2026\/02\/REFERENDUM-CONFERMATIVO-2026_campagna-informativa_1-300x169.jpg 300w, https:\/\/consnizza.esteri.it\/wp-content\/uploads\/2026\/02\/REFERENDUM-CONFERMATIVO-2026_campagna-informativa_1-1024x576.jpg 1024w, https:\/\/consnizza.esteri.it\/wp-content\/uploads\/2026\/02\/REFERENDUM-CONFERMATIVO-2026_campagna-informativa_1-768x432.jpg 768w, https:\/\/consnizza.esteri.it\/wp-content\/uploads\/2026\/02\/REFERENDUM-CONFERMATIVO-2026_campagna-informativa_1.jpg 1920w\" sizes=\"auto, (max-width: 1920px) 100vw, 1920px\" class=\"figure-img img-fluid\" alt=\"Aller \u00e0 la page https:\/\/consnizza.esteri.it\/it\/servizi-consolari-e-visti\/servizi-per-il-cittadino-italiano\/servizi-elettorali\/referendum-costituzionale-confermativo-2026\/\">\n                                                                <\/a>\n                                                            <\/div>\n                                                        <\/div>\n                                                    <\/div>\n                                                <\/div>\n                                            <\/div>\n                                        <\/div>\n                                    <\/li>\n                                                                    <li class=\"splide__slide\">\n                                        <div class=\"it-single-slide-wrapper\">\n                                            <div class=\"card-wrapper\">\n                                                <div class=\"card card-img no-after\">\n                                                    <div class=\"img-responsive-wrapper\">\n                                                        <div class=\"img-responsive\">\n                                                            <div class=\"img-wrapper\">\n                                                                <a href=\"https:\/\/consnizza.esteri.it\/it\/chi-siamo\/\" title=\"Aller \u00e0 la page https:\/\/consnizza.esteri.it\/it\/chi-siamo\/\" target=\"_blank\">\n                                                                    <img decoding=\"async\" loading=\"lazy\" width=\"640\" height=\"421\" src=\"https:\/\/consnizza.esteri.it\/wp-content\/uploads\/2026\/02\/banner-numero-emergenza-1600x1053-1-768x505.jpg\" srcset=\"https:\/\/consnizza.esteri.it\/wp-content\/uploads\/2026\/02\/banner-numero-emergenza-1600x1053-1-300x197.jpg 300w, https:\/\/consnizza.esteri.it\/wp-content\/uploads\/2026\/02\/banner-numero-emergenza-1600x1053-1-1024x674.jpg 1024w, https:\/\/consnizza.esteri.it\/wp-content\/uploads\/2026\/02\/banner-numero-emergenza-1600x1053-1-768x505.jpg 768w, https:\/\/consnizza.esteri.it\/wp-content\/uploads\/2026\/02\/banner-numero-emergenza-1600x1053-1.jpg 1600w\" sizes=\"auto, (max-width: 1600px) 100vw, 1600px\" class=\"figure-img img-fluid\" alt=\"Aller \u00e0 la page https:\/\/consnizza.esteri.it\/it\/chi-siamo\/\">\n                                                                <\/a>\n                                                            <\/div>\n                                                        <\/div>\n                                                    <\/div>\n                                                <\/div>\n                                            <\/div>\n                                        <\/div>\n                                    <\/li>\n                                                                    <li class=\"splide__slide\">\n                                        <div class=\"it-single-slide-wrapper\">\n                                            <div class=\"card-wrapper\">\n                                                <div class=\"card card-img no-after\">\n                                                    <div class=\"img-responsive-wrapper\">\n                                                        <div class=\"img-responsive\">\n                                                            <div class=\"img-wrapper\">\n                                                                <a href=\"https:\/\/www.esteri.it\/it\/ministero\/normativaonline\/informazioni-sugli-spostamenti-dallitalia-verso-lestero\/\" title=\"Aller \u00e0 la page https:\/\/www.esteri.it\/it\/ministero\/normativaonline\/informazioni-sugli-spostamenti-dallitalia-verso-lestero\/\" target=\"_blank\">\n                                                                    <img decoding=\"async\" loading=\"lazy\" width=\"640\" height=\"421\" src=\"https:\/\/consnizza.esteri.it\/wp-content\/uploads\/2023\/04\/informazioni-sugli-spostamenti-dallitalia-verso-estero-768x505.jpg\" srcset=\"https:\/\/consnizza.esteri.it\/wp-content\/uploads\/2023\/04\/informazioni-sugli-spostamenti-dallitalia-verso-estero-300x197.jpg 300w, https:\/\/consnizza.esteri.it\/wp-content\/uploads\/2023\/04\/informazioni-sugli-spostamenti-dallitalia-verso-estero-1024x674.jpg 1024w, https:\/\/consnizza.esteri.it\/wp-content\/uploads\/2023\/04\/informazioni-sugli-spostamenti-dallitalia-verso-estero-768x505.jpg 768w, https:\/\/consnizza.esteri.it\/wp-content\/uploads\/2023\/04\/informazioni-sugli-spostamenti-dallitalia-verso-estero.jpg 1600w\" sizes=\"auto, (max-width: 1600px) 100vw, 1600px\" class=\"figure-img img-fluid\" alt=\"Aller \u00e0 la page https:\/\/www.esteri.it\/it\/ministero\/normativaonline\/informazioni-sugli-spostamenti-dallitalia-verso-lestero\/\">\n                                                                <\/a>\n                                                            <\/div>\n                                                        <\/div>\n                                                    <\/div>\n                                                <\/div>\n                                            <\/div>\n                                        <\/div>\n                                    <\/li>\n                                                                    <li class=\"splide__slide\">\n                                        <div class=\"it-single-slide-wrapper\">\n                                            <div class=\"card-wrapper\">\n                                                <div class=\"card card-img no-after\">\n                                                    <div class=\"img-responsive-wrapper\">\n                                                        <div class=\"img-responsive\">\n                                                            <div class=\"img-wrapper\">\n                                                                <a href=\"https:\/\/www.viaggiaresicuri.it\/home\" title=\"Aller \u00e0 la page https:\/\/www.viaggiaresicuri.it\/home\" target=\"_blank\">\n                                                                    <img decoding=\"async\" loading=\"lazy\" width=\"640\" height=\"423\" src=\"https:\/\/consnizza.esteri.it\/wp-content\/uploads\/2023\/07\/Viaggiare-Sicuri-768x507.jpeg\" srcset=\"https:\/\/consnizza.esteri.it\/wp-content\/uploads\/2023\/07\/Viaggiare-Sicuri-300x198.jpeg 300w, https:\/\/consnizza.esteri.it\/wp-content\/uploads\/2023\/07\/Viaggiare-Sicuri-768x507.jpeg 768w, https:\/\/consnizza.esteri.it\/wp-content\/uploads\/2023\/07\/Viaggiare-Sicuri.jpeg 796w\" sizes=\"auto, (max-width: 796px) 100vw, 796px\" class=\"figure-img img-fluid\" alt=\"Aller \u00e0 la page https:\/\/www.viaggiaresicuri.it\/home\">\n                                                                <\/a>\n                                                            <\/div>\n                                                        <\/div>\n                                                    <\/div>\n                                                <\/div>\n                                            <\/div>\n                                        <\/div>\n                                    <\/li>\n                                                                    <li class=\"splide__slide\">\n                                        <div class=\"it-single-slide-wrapper\">\n                                            <div class=\"card-wrapper\">\n                                                <div class=\"card card-img no-after\">\n                                                    <div class=\"img-responsive-wrapper\">\n                                                        <div class=\"img-responsive\">\n                                                            <div class=\"img-wrapper\">\n                                                                <a href=\"https:\/\/www.esteri.it\/it\/politica-estera-e-cooperazione-allo-sviluppo\/aree_geografiche\/europa\/litalia-a-sostegno-dellucraina\/\" title=\"Aller \u00e0 la page https:\/\/www.esteri.it\/it\/politica-estera-e-cooperazione-allo-sviluppo\/aree_geografiche\/europa\/litalia-a-sostegno-dellucraina\/\" target=\"_blank\">\n                                                                    <img decoding=\"async\" loading=\"lazy\" width=\"640\" height=\"360\" src=\"https:\/\/consnizza.esteri.it\/wp-content\/uploads\/2025\/02\/Card1-768x432.jpg\" srcset=\"https:\/\/consnizza.esteri.it\/wp-content\/uploads\/2025\/02\/Card1-300x169.jpg 300w, https:\/\/consnizza.esteri.it\/wp-content\/uploads\/2025\/02\/Card1-1024x576.jpg 1024w, https:\/\/consnizza.esteri.it\/wp-content\/uploads\/2025\/02\/Card1-768x432.jpg 768w, https:\/\/consnizza.esteri.it\/wp-content\/uploads\/2025\/02\/Card1.jpg 1600w\" sizes=\"auto, (max-width: 1600px) 100vw, 1600px\" class=\"figure-img img-fluid\" alt=\"Aller \u00e0 la page https:\/\/www.esteri.it\/it\/politica-estera-e-cooperazione-allo-sviluppo\/aree_geografiche\/europa\/litalia-a-sostegno-dellucraina\/\">\n                                                                <\/a>\n                                                            <\/div>\n                                                        <\/div>\n                                                    <\/div>\n                                                <\/div>\n                                            <\/div>\n                                        <\/div>\n                                    <\/li>\n                                                                <\/ul>\n                            <\/div>\n                        <\/div>\n                    <\/div>\n                <\/div>\n            <\/div>\n                  <\/section>\n        \n","protected":false},"excerpt":{"rendered":"","protected":false},"author":1,"featured_media":0,"parent":0,"menu_order":0,"comment_status":"closed","ping_status":"closed","template":"page-home.php","meta":{"footnotes":""},"class_list":["post-140","page","type-page","status-publish","hentry"],"_links":{"self":[{"href":"https:\/\/consnizza.esteri.it\/fr\/wp-json\/wp\/v2\/pages\/140","targetHints":{"allow":["GET"]}}],"collection":[{"href":"https:\/\/consnizza.esteri.it\/fr\/wp-json\/wp\/v2\/pages"}],"about":[{"href":"https:\/\/consnizza.esteri.it\/fr\/wp-json\/wp\/v2\/types\/page"}],"author":[{"embeddable":true,"href":"https:\/\/consnizza.esteri.it\/fr\/wp-json\/wp\/v2\/users\/1"}],"replies":[{"embeddable":true,"href":"https:\/\/consnizza.esteri.it\/fr\/wp-json\/wp\/v2\/comments?post=140"}],"version-history":[{"count":1,"href":"https:\/\/consnizza.esteri.it\/fr\/wp-json\/wp\/v2\/pages\/140\/revisions"}],"predecessor-version":[{"id":253,"href":"https:\/\/consnizza.esteri.it\/fr\/wp-json\/wp\/v2\/pages\/140\/revisions\/253"}],"wp:attachment":[{"href":"https:\/\/consnizza.esteri.it\/fr\/wp-json\/wp\/v2\/media?parent=140"}],"curies":[{"name":"wp","href":"https:\/\/api.w.org\/{rel}","templated":true}]}}